{"id":5057,"date":"2016-05-18T10:55:51","date_gmt":"2016-05-18T09:55:51","guid":{"rendered":"http:\/\/mayr-fort-frei.it\/de\/?page_id=5057"},"modified":"2016-05-24T14:11:49","modified_gmt":"2016-05-24T13:11:49","slug":"dott-robert-frei","status":"publish","type":"page","link":"https:\/\/mayr-fort-frei.it\/de\/team\/dott-robert-frei\/","title":{"rendered":"Dott. Robert Frei"},"content":{"rendered":"<p>[vc_row][vc_column width=&#8220;1\/2&#8243;][vc_column_text]<br \/>\nWirtschaftsstudium an der Universit\u00e4t Verona.<br \/>\nMaster an der Universit\u00e4t Bocconi Mailand auf dem Gebiet des Unternehmenssteuerrechts.<br \/>\nMaster im Steuerrecht \u00abCentro Formazione IPSOA\u00bb, Mailand.<br \/>\nEintragung im Verzeichnis der Steuerberater von Bozen seit 1994 und im Verzeichnis der Wirtschaftspr\u00fcfer seit 1995.<br \/>\nVon 1990 bis 1993 in der Mail\u00e4nder Gesch\u00e4ftsstelle von Reconta Ernst &#038; Young als Wirtschaftspr\u00fcfer t\u00e4tig.<br \/>\nPartner der Kanzlei seit 2003.<br \/>\nPublizist und Referent bei Seminaren und Kongressen.<\/p>\n<p>Sprachen: Italienisch, Deutsch, Englisch.<br \/>\n[\/vc_column_text]<br \/>\n[\/vc_column]<br \/>\n[vc_column width=&#8220;1\/2&#8243;]<br \/>\n[vc_single_image image=&#8220;4757&#8243; border_color=&#8220;grey&#8220; img_link_target=&#8220;_self&#8220; img_size=&#8220;full&#8220;]<br \/>\n[\/vc_column][\/vc_row]<\/p>\n","protected":false},"excerpt":{"rendered":"<p>[vc_row][vc_column width=&#8220;1\/2&#8243;][vc_column_text] Wirtschaftsstudium an der Universit\u00e4t Verona. Master an der Universit\u00e4t Bocconi Mailand auf dem Gebiet des Unternehmenssteuerrechts. Master im Steuerrecht \u00abCentro Formazione IPSOA\u00bb, Mailand. Eintragung im Verzeichnis der Steuerberater von Bozen seit 1994 und im Verzeichnis der Wirtschaftspr\u00fcfer seit 1995. Von 1990 bis 1993 in der Mail\u00e4nder Gesch\u00e4ftsstelle von Reconta Ernst &#038; Young als [&hellip;]<\/p>\n","protected":false},"author":1,"featured_media":0,"parent":5192,"menu_order":0,"comment_status":"open","ping_status":"open","template":"page-sidebar-right.php","meta":[],"yoast_head":"<!-- This site is optimized with the Yoast SEO plugin v17.9 - https:\/\/yoast.com\/wordpress\/plugins\/seo\/ -->\n<title>Dott. Robert Frei - Mayr Fort Frei - Studio Tributario Associato<\/title>\n<meta name=\"robots\" content=\"index, follow, max-snippet:-1, max-image-preview:large, max-video-preview:-1\" \/>\n<link rel=\"canonical\" href=\"https:\/\/mayr-fort-frei.it\/de\/team\/dott-robert-frei\/\" \/>\n<meta property=\"og:locale\" content=\"de_DE\" \/>\n<meta property=\"og:type\" content=\"article\" \/>\n<meta property=\"og:title\" content=\"Dott. Robert Frei - Mayr Fort Frei - Studio Tributario Associato\" \/>\n<meta property=\"og:description\" content=\"[vc_row][vc_column width=&#8220;1\/2&#8243;][vc_column_text] Wirtschaftsstudium an der Universit\u00e4t Verona. Master an der Universit\u00e4t Bocconi Mailand auf dem Gebiet des Unternehmenssteuerrechts. Master im Steuerrecht \u00abCentro Formazione IPSOA\u00bb, Mailand. Eintragung im Verzeichnis der Steuerberater von Bozen seit 1994 und im Verzeichnis der Wirtschaftspr\u00fcfer seit 1995. Von 1990 bis 1993 in der Mail\u00e4nder Gesch\u00e4ftsstelle von Reconta Ernst &#038; Young als [&hellip;]\" \/>\n<meta property=\"og:url\" content=\"https:\/\/mayr-fort-frei.it\/de\/team\/dott-robert-frei\/\" \/>\n<meta property=\"og:site_name\" content=\"Mayr Fort Frei - Studio Tributario Associato\" \/>\n<meta property=\"article:modified_time\" content=\"2016-05-24T13:11:49+00:00\" \/>\n<meta name=\"twitter:label1\" content=\"Gesch\u00e4tzte Lesezeit\" \/>\n\t<meta name=\"twitter:data1\" content=\"1 Minute\" \/>\n<script type=\"application\/ld+json\" class=\"yoast-schema-graph\">{\"@context\":\"https:\/\/schema.org\",\"@graph\":[{\"@type\":\"WebSite\",\"@id\":\"https:\/\/mayr-fort-frei.it\/#website\",\"url\":\"https:\/\/mayr-fort-frei.it\/\",\"name\":\"Mayr Fort Frei - Studio Tributario Associato\",\"description\":\"Studio Tributario Associato, consulenza ed assistenza in materia tributaria, contrattuale e societaria.\",\"potentialAction\":[{\"@type\":\"SearchAction\",\"target\":{\"@type\":\"EntryPoint\",\"urlTemplate\":\"https:\/\/mayr-fort-frei.it\/?s={search_term_string}\"},\"query-input\":\"required name=search_term_string\"}],\"inLanguage\":\"de-DE\"},{\"@type\":\"WebPage\",\"@id\":\"https:\/\/mayr-fort-frei.it\/de\/team\/dott-robert-frei\/#webpage\",\"url\":\"https:\/\/mayr-fort-frei.it\/de\/team\/dott-robert-frei\/\",\"name\":\"Dott. Robert Frei - Mayr Fort Frei - Studio Tributario Associato\",\"isPartOf\":{\"@id\":\"https:\/\/mayr-fort-frei.it\/#website\"},\"datePublished\":\"2016-05-18T09:55:51+00:00\",\"dateModified\":\"2016-05-24T13:11:49+00:00\",\"breadcrumb\":{\"@id\":\"https:\/\/mayr-fort-frei.it\/de\/team\/dott-robert-frei\/#breadcrumb\"},\"inLanguage\":\"de-DE\",\"potentialAction\":[{\"@type\":\"ReadAction\",\"target\":[\"https:\/\/mayr-fort-frei.it\/de\/team\/dott-robert-frei\/\"]}]},{\"@type\":\"BreadcrumbList\",\"@id\":\"https:\/\/mayr-fort-frei.it\/de\/team\/dott-robert-frei\/#breadcrumb\",\"itemListElement\":[{\"@type\":\"ListItem\",\"position\":1,\"name\":\"Home\",\"item\":\"https:\/\/mayr-fort-frei.it\/de\/\"},{\"@type\":\"ListItem\",\"position\":2,\"name\":\"Team\",\"item\":\"https:\/\/mayr-fort-frei.it\/de\/team\/\"},{\"@type\":\"ListItem\",\"position\":3,\"name\":\"Dott. Robert Frei\"}]}]}<\/script>\n<!-- \/ Yoast SEO plugin. -->","yoast_head_json":{"title":"Dott. Robert Frei - Mayr Fort Frei - Studio Tributario Associato","robots":{"index":"index","follow":"follow","max-snippet":"max-snippet:-1","max-image-preview":"max-image-preview:large","max-video-preview":"max-video-preview:-1"},"canonical":"https:\/\/mayr-fort-frei.it\/de\/team\/dott-robert-frei\/","og_locale":"de_DE","og_type":"article","og_title":"Dott. Robert Frei - Mayr Fort Frei - Studio Tributario Associato","og_description":"[vc_row][vc_column width=&#8220;1\/2&#8243;][vc_column_text] Wirtschaftsstudium an der Universit\u00e4t Verona. Master an der Universit\u00e4t Bocconi Mailand auf dem Gebiet des Unternehmenssteuerrechts. Master im Steuerrecht \u00abCentro Formazione IPSOA\u00bb, Mailand. Eintragung im Verzeichnis der Steuerberater von Bozen seit 1994 und im Verzeichnis der Wirtschaftspr\u00fcfer seit 1995. Von 1990 bis 1993 in der Mail\u00e4nder Gesch\u00e4ftsstelle von Reconta Ernst &#038; Young als [&hellip;]","og_url":"https:\/\/mayr-fort-frei.it\/de\/team\/dott-robert-frei\/","og_site_name":"Mayr Fort Frei - Studio Tributario Associato","article_modified_time":"2016-05-24T13:11:49+00:00","twitter_misc":{"Gesch\u00e4tzte Lesezeit":"1 Minute"},"schema":{"@context":"https:\/\/schema.org","@graph":[{"@type":"WebSite","@id":"https:\/\/mayr-fort-frei.it\/#website","url":"https:\/\/mayr-fort-frei.it\/","name":"Mayr Fort Frei - Studio Tributario Associato","description":"Studio Tributario Associato, consulenza ed assistenza in materia tributaria, contrattuale e societaria.","potentialAction":[{"@type":"SearchAction","target":{"@type":"EntryPoint","urlTemplate":"https:\/\/mayr-fort-frei.it\/?s={search_term_string}"},"query-input":"required name=search_term_string"}],"inLanguage":"de-DE"},{"@type":"WebPage","@id":"https:\/\/mayr-fort-frei.it\/de\/team\/dott-robert-frei\/#webpage","url":"https:\/\/mayr-fort-frei.it\/de\/team\/dott-robert-frei\/","name":"Dott. Robert Frei - Mayr Fort Frei - Studio Tributario Associato","isPartOf":{"@id":"https:\/\/mayr-fort-frei.it\/#website"},"datePublished":"2016-05-18T09:55:51+00:00","dateModified":"2016-05-24T13:11:49+00:00","breadcrumb":{"@id":"https:\/\/mayr-fort-frei.it\/de\/team\/dott-robert-frei\/#breadcrumb"},"inLanguage":"de-DE","potentialAction":[{"@type":"ReadAction","target":["https:\/\/mayr-fort-frei.it\/de\/team\/dott-robert-frei\/"]}]},{"@type":"BreadcrumbList","@id":"https:\/\/mayr-fort-frei.it\/de\/team\/dott-robert-frei\/#breadcrumb","itemListElement":[{"@type":"ListItem","position":1,"name":"Home","item":"https:\/\/mayr-fort-frei.it\/de\/"},{"@type":"ListItem","position":2,"name":"Team","item":"https:\/\/mayr-fort-frei.it\/de\/team\/"},{"@type":"ListItem","position":3,"name":"Dott. Robert Frei"}]}]}},"_links":{"self":[{"href":"https:\/\/mayr-fort-frei.it\/de\/wp-json\/wp\/v2\/pages\/5057"}],"collection":[{"href":"https:\/\/mayr-fort-frei.it\/de\/wp-json\/wp\/v2\/pages"}],"about":[{"href":"https:\/\/mayr-fort-frei.it\/de\/wp-json\/wp\/v2\/types\/page"}],"author":[{"embeddable":true,"href":"https:\/\/mayr-fort-frei.it\/de\/wp-json\/wp\/v2\/users\/1"}],"replies":[{"embeddable":true,"href":"https:\/\/mayr-fort-frei.it\/de\/wp-json\/wp\/v2\/comments?post=5057"}],"version-history":[{"count":3,"href":"https:\/\/mayr-fort-frei.it\/de\/wp-json\/wp\/v2\/pages\/5057\/revisions"}],"predecessor-version":[{"id":5212,"href":"https:\/\/mayr-fort-frei.it\/de\/wp-json\/wp\/v2\/pages\/5057\/revisions\/5212"}],"up":[{"embeddable":true,"href":"https:\/\/mayr-fort-frei.it\/de\/wp-json\/wp\/v2\/pages\/5192"}],"wp:attachment":[{"href":"https:\/\/mayr-fort-frei.it\/de\/wp-json\/wp\/v2\/media?parent=5057"}],"curies":[{"name":"wp","href":"https:\/\/api.w.org\/{rel}","templated":true}]}}