{"id":5174,"date":"2016-05-23T15:56:47","date_gmt":"2016-05-23T14:56:47","guid":{"rendered":"http:\/\/mayr-fort-frei.it\/de\/?page_id=5174"},"modified":"2018-08-30T10:11:50","modified_gmt":"2018-08-30T09:11:50","slug":"homepage","status":"publish","type":"page","link":"https:\/\/mayr-fort-frei.it\/de\/","title":{"rendered":"Homepage"},"content":{"rendered":"<p>[vc_row el_class=&#8220;align-center, introsite&#8220;][vc_column width=&#8220;1\/4&#8243; el_class=&#8220;align-center&#8220;][vc_column_text]<a href=\"https:\/\/mayr-fort-frei.it\/de\/taetigkeitsbereiche\/\"><img loading=\"lazy\" class=\"aligncenter wp-image-4787 size-full\" src=\"https:\/\/mayr-fort-frei.it\/wp-content\/uploads\/2015\/02\/icona-1.png\" alt=\"icona-1\" width=\"135\" height=\"92\" \/><\/a><\/p>\n<h2 style=\"text-align: center;\">Besteuerung von Unternehmen und Unternehmensgruppen<\/h2>\n<p style=\"text-align: center;\">K\u00f6rperschaftsteuer, Gruppenbesteuerung, Umsatzsteuer, Umsatzsteuergruppe, Verschmelzungen, Spaltungen, Einbringungen, andere Unternehmensumstrukturierungen, Kauf und Verkauf von Unternehmen und Beteiligungen, Due Diligence, Tax Compliance<\/p>\n<p>[\/vc_column_text][\/vc_column][vc_column width=&#8220;1\/4&#8243; el_class=&#8220;align-center&#8220;][vc_column_text]<a href=\"https:\/\/mayr-fort-frei.it\/de\/taetigkeitsbereiche\/\"><img loading=\"lazy\" class=\"aligncenter wp-image-4788 size-full\" src=\"https:\/\/mayr-fort-frei.it\/wp-content\/uploads\/2015\/02\/icona-21.png\" alt=\"icona-21\" width=\"135\" height=\"92\" \/><\/a><\/p>\n<h2 style=\"text-align: center;\">Internationales und europ\u00e4isches Steuerrecht<\/h2>\n<p style=\"text-align: center;\">Doppelbesteuerungsabkommen, Anrechnung von ausl\u00e4ndischen Steuern, Betriebsst\u00e4ttenbesteuerung, internationale Umstrukturierungen, Gemeinschaftsrecht, Verrechnungspreise, internationale Rulings, Schiedsgerichtsverfahren, Steuererstattungen, umsatzsteuerliche Aspekte im Rahmen von internationalen Transaktionen<\/p>\n<p>[\/vc_column_text][\/vc_column][vc_column width=&#8220;1\/4&#8243; el_class=&#8220;align-center&#8220;][vc_column_text]<a href=\"https:\/\/mayr-fort-frei.it\/de\/taetigkeitsbereiche\/\"><img loading=\"lazy\" class=\"aligncenter wp-image-4786 size-full\" src=\"https:\/\/mayr-fort-frei.it\/wp-content\/uploads\/2015\/02\/icona-31.png\" alt=\"icona-31\" width=\"135\" height=\"92\" \/><\/a><\/p>\n<h2 style=\"text-align: center;\">Besteuerung von nat\u00fcrlichen Personen<\/h2>\n<p style=\"text-align: center;\">Wohnsitzwechsel, Verm\u00f6gens\u00fcbertragung bei Generationenwechsel, Finanzertr\u00e4ge, Expatriats, ausl\u00e4ndische Eink\u00fcnfte, Anrechnung der ausl\u00e4ndischen Steuern, Meldung des Auslandsverm\u00f6gens, Tax Compliance<\/p>\n<p>[\/vc_column_text][\/vc_column][vc_column width=&#8220;1\/4&#8243; el_class=&#8220;align-center&#8220;][vc_column_text]<a href=\"https:\/\/mayr-fort-frei.it\/de\/taetigkeitsbereiche\/\"><img loading=\"lazy\" class=\"aligncenter wp-image-4791 size-full\" src=\"https:\/\/mayr-fort-frei.it\/wp-content\/uploads\/2015\/02\/icona-4.png\" alt=\"icona-4\" width=\"135\" height=\"92\" \/><\/a><\/p>\n<h2 style=\"text-align: center;\">Streitverfahren und Beziehungen zur Finanzverwaltung<\/h2>\n<p style=\"text-align: center;\">Steuerpr\u00fcfungen, Frageb\u00f6gen, Vorladungen zum Streitgespr\u00e4ch, Veranlagungsbescheide, au\u00dfergerichtliche Einigungen mit dem Finanzamt, Einspr\u00fcche, gerichtliche Schlichtungsverfahren, Tax Ruling<\/p>\n<p>[\/vc_column_text][\/vc_column][\/vc_row][vc_row][vc_column el_class=&#8220;align-center&#8220; css=&#8220;.vc_custom_1425903263890{margin-top: 50px !important;}&#8220;][vc_button2 title=&#8220;lesen Sie mehr&#8220; align=&#8220;center&#8220; style=&#8220;outlined&#8220; link=&#8220;url:%2Fde%2Ftaetigkeitsbereiche%2F||&#8220;][\/vc_column][\/vc_row][vc_row][vc_column]<div class=\"divider_line \" style=\"margin-top:50px;padding-bottom:40px;\"><\/div>[\/vc_column][\/vc_row][vc_row][vc_column width=&#8220;2\/3&#8243;][vc_tta_tabs active_section=&#8220;1&#8243; title=&#8220;Die Kanzlei&#8220;][vc_tta_section title=&#8220;Profile&#8220; tab_id=&#8220;1464189386436-9308cee6-0d90&#8243;][vc_column_text]<\/p>\n<p class=\"p1\"><span class=\"s1\">Die Steuerberatungssoziet\u00e4t MAYR FORT FREI wurde im Jahr 2003 von Siegfried Mayr, Giovanni Fort und Robert Frei gegr\u00fcndet. Sie f\u00fchrt die vorher (seit 1982) vom Studio Mayr ausge\u00fcbte Beratungst\u00e4tigkeit<span class=\"Apple-converted-space\">\u00a0 <\/span>&#8211; seit 1995<span class=\"Apple-converted-space\">\u00a0 <\/span>mit der Mitarbeit von Robert Frei und seit 1996 von Giovanni Fort &#8211;<span class=\"Apple-converted-space\">\u00a0 <\/span>mit Schwerpunkt auf die steuerlichen Beziehungen zwischen Italien und Deutschland<span class=\"Apple-converted-space\">\u00a0 <\/span>fort.<\/span><\/p>\n<p><a href=\"https:\/\/mayr-fort-frei.it\/de\/die-kanzlei\/\">lesen Sie mehr<\/a>[\/vc_column_text][\/vc_tta_section][\/vc_tta_tabs][\/vc_column][vc_column width=&#8220;1\/3&#8243;][vc_raw_html]JTNDaWZyYW1lJTIwc3JjJTNEJTIyaHR0cHMlM0ElMkYlMkZ3d3cuZ29vZ2xlLmNvbSUyRm1hcHMlMkZlbWJlZCUzRnBiJTNEJTIxMW0xOCUyMTFtMTIlMjExbTMlMjExZDI3OTcuOTA0MzQ3MzY0MjI0JTIxMmQ5LjE3ODY1MDcxNjEzNzE5NyUyMTNkNDUuNDcxNzMwNzQwOTYxJTIxMm0zJTIxMWYwJTIxMmYwJTIxM2YwJTIxM20yJTIxMWkxMDI0JTIxMmk3NjglMjE0ZjEzLjElMjEzbTMlMjExbTIlMjExczB4NDc4NmMxNGMyM2IzNjMyOSUyNTNBMHg0ODI4YjU4NTViNDg0MzgzJTIxMnNQaWF6emElMkJDYXN0ZWxsbyUyNTJDJTJCMjYlMjUyQyUyQjIwMTIxJTJCTWlsYW5vJTJCTUklMjE1ZTAlMjEzbTIlMjExc2l0JTIxMnNpdCUyMTR2MTUzNTYxOTk0Mzc1NSUyMiUyMHdpZHRoJTNEJTIyMzUwJTIyJTIwaGVpZ2h0JTNEJTIyMzUwJTIyJTIwZnJhbWVib3JkZXIlM0QlMjIwJTIyJTIwc3R5bGUlM0QlMjJib3JkZXIlM0EwJTIyJTIwYWxsb3dmdWxsc2NyZWVuJTNFJTNDJTJGaWZyYW1lJTNF[\/vc_raw_html][vc_column_text]<a href=\"https:\/\/www.google.it\/maps\/dir\/\/Piazza+Castello,+26,+20121+Milano\/@45.47162,9.1785413,17z\/data=!4m16!1m7!3m6!1s0x4786c14c23b36329:0x4828b5855b484383!2sPiazza+Castello,+26,+20121+Milano!3b1!8m2!3d45.47162!4d9.18073!4m7!1m0!1m5!1m1!1s0x4786c14c23b36329:0x4828b5855b484383!2m2!1d9.18073!2d45.47162\" target=\"_blank \">Routenplaner<\/a>[\/vc_column_text][\/vc_column][\/vc_row][vc_row css=&#8220;.vc_custom_1423491043314{margin-top: 40px !important;} &#8222;][vc_column width=&#8220;1\/1 &#8222;]<div class=\"recent_posts_list-2 \"><div class=\"grid\"><div class=\"col-1-1\"><div class=\"col\"><h3>VER\u00d6FFENTLICHUNGEN<\/h3><\/div><\/div><div class=\"col-1-3\"><div class=\"col\"><div class=\"rpl_post\"><div class=\"post_header clearfix\"><div class=\"post_meta_left_date_wrapper\"><div class=\"post_meta_left_date\"><div class=\"date_box\">5<\/div><\/div><\/div><h2 class=\"post_title\"><a href=\"https:\/\/mayr-fort-frei.it\/de\/blog-de\/rimborso-del-prestito-figurativo-generato-da-una-ripresa-per-transfer-pricing\/\">Rimborso del prestito figurativo generato da una ripresa per transfer pricing<\/a><\/h2><div class=\"post_meta\"><span class=\"post_meta_item post_meta_date\">September 5, 2022<\/span><span class=\"post_meta_item post_meta_comment_number\">Nessun commento<\/span><\/div><\/div><div class=\"post_content\"><p>I \u201cSECONDARY ADJUSTMENT\u201d AI FINI DEL TRANSFER PRICING: ALCUNE CONSIDERAZIONI DOPO LA RISPOSTA N. 233\/2022 DELL\u2019AGENZIA DELLE ENTRATE Bollettino Tributario n. 13\/2022, pagg. 941-948 In una recente risposta ad interpello l\u2019Agenzia delle entrate ha affrontato &hellip;<\/p><p class=\"read_more_link_wrapper\"><a href=\"https:\/\/mayr-fort-frei.it\/de\/blog-de\/rimborso-del-prestito-figurativo-generato-da-una-ripresa-per-transfer-pricing\/\" class=\"read_more_link\">Read More<\/a><\/p><\/div><\/div><\/div><\/div><div class=\"col-1-3\"><div class=\"col\"><div class=\"rpl_post\"><div class=\"post_header clearfix\"><div class=\"post_meta_left_date_wrapper\"><div class=\"post_meta_left_date\"><div class=\"date_box\">22<\/div><\/div><\/div><h2 class=\"post_title\"><a href=\"https:\/\/mayr-fort-frei.it\/de\/blog-de\/italien-anpassung-der-neuen-betriebsstaetten-definition-an-beps\/\">Italien: Anpassung der neuen Betriebsst\u00e4tten - Definition an BEPS<\/a><\/h2><div class=\"post_meta\"><span class=\"post_meta_item post_meta_date\">June 22, 2021<\/span><span class=\"post_meta_item post_meta_comment_number\">Nessun commento<\/span><\/div><\/div><div class=\"post_content\"><p>\"ISTR, Nr. 17\/2020\", Seiten 653 \u2013 657 Die Suche nach \u201eversteckten\u201c Betriebst\u00e4tten in Italien (von ausl\u00e4ndischen Unternehmen) steht bei Betriebspr\u00fcfungen stets auf dem Programm. Vor allem nach dem ber\u00fchmten Philip Morris-Urteil von 2002. Inzwischen hat &hellip;<\/p><p class=\"read_more_link_wrapper\"><a href=\"https:\/\/mayr-fort-frei.it\/de\/blog-de\/italien-anpassung-der-neuen-betriebsstaetten-definition-an-beps\/\" class=\"read_more_link\">Read More<\/a><\/p><\/div><\/div><\/div><\/div><div class=\"col-1-3\"><div class=\"col\"><div class=\"rpl_post\"><div class=\"post_header clearfix\"><div class=\"post_meta_left_date_wrapper\"><div class=\"post_meta_left_date\"><div class=\"date_box\">18<\/div><\/div><\/div><h2 class=\"post_title\"><a href=\"https:\/\/mayr-fort-frei.it\/de\/blog-de\/steuerbeguenstigungen-bei-wohnsitzwechsel-nach-italien\/\">STEUERBEG\u00dcNSTIGUNGEN BEI WOHNSITZWECHSEL NACH ITALIEN<\/a><\/h2><div class=\"post_meta\"><span class=\"post_meta_item post_meta_date\">May 18, 2021<\/span><span class=\"post_meta_item post_meta_comment_number\">Nessun commento<\/span><\/div><\/div><div class=\"post_content\"><p>Die Verlegung des steuerlichen Wohnsitzes nach Italien ist f\u00fcr nat\u00fcrliche Personen sehr attraktiv. Beg\u00fcnstigungen f\u00fcr Rentner in Italien bei Wohnsitzwechsel nach Italien Rentner, die den steuerlichen Wohnsitz nach Italien verlegen, k\u00f6nnen die ausl\u00e4ndischen Eink\u00fcnfte mit &hellip;<\/p><p class=\"read_more_link_wrapper\"><a href=\"https:\/\/mayr-fort-frei.it\/de\/blog-de\/steuerbeguenstigungen-bei-wohnsitzwechsel-nach-italien\/\" class=\"read_more_link\">Read More<\/a><\/p><\/div><\/div><\/div><\/div><\/div><\/div>[\/vc_column][\/vc_row]<\/p>\n","protected":false},"excerpt":{"rendered":"<p>[vc_row el_class=&#8220;align-center, introsite&#8220;][vc_column width=&#8220;1\/4&#8243; el_class=&#8220;align-center&#8220;][vc_column_text] Besteuerung von Unternehmen und Unternehmensgruppen K\u00f6rperschaftsteuer, Gruppenbesteuerung, Umsatzsteuer, Umsatzsteuergruppe, Verschmelzungen, Spaltungen, Einbringungen, andere Unternehmensumstrukturierungen, Kauf und Verkauf von Unternehmen und Beteiligungen, Due Diligence, Tax Compliance [\/vc_column_text][\/vc_column][vc_column width=&#8220;1\/4&#8243; el_class=&#8220;align-center&#8220;][vc_column_text] Internationales und europ\u00e4isches Steuerrecht Doppelbesteuerungsabkommen, Anrechnung von ausl\u00e4ndischen Steuern, Betriebsst\u00e4ttenbesteuerung, internationale Umstrukturierungen, Gemeinschaftsrecht, Verrechnungspreise, internationale Rulings, Schiedsgerichtsverfahren, Steuererstattungen, umsatzsteuerliche Aspekte im Rahmen [&hellip;]<\/p>\n","protected":false},"author":1,"featured_media":0,"parent":0,"menu_order":8,"comment_status":"open","ping_status":"open","template":"","meta":[],"yoast_head":"<!-- This site is optimized with the Yoast SEO plugin v17.9 - https:\/\/yoast.com\/wordpress\/plugins\/seo\/ -->\n<title>Homepage - Mayr Fort Frei - Studio Tributario Associato<\/title>\n<meta name=\"robots\" content=\"index, follow, max-snippet:-1, max-image-preview:large, max-video-preview:-1\" \/>\n<link rel=\"canonical\" href=\"https:\/\/mayr-fort-frei.it\/de\/\" \/>\n<meta property=\"og:locale\" content=\"de_DE\" \/>\n<meta property=\"og:type\" content=\"article\" \/>\n<meta property=\"og:title\" content=\"Homepage - Mayr Fort Frei - Studio Tributario Associato\" \/>\n<meta property=\"og:description\" content=\"[vc_row el_class=&#8220;align-center, introsite&#8220;][vc_column width=&#8220;1\/4&#8243; el_class=&#8220;align-center&#8220;][vc_column_text] Besteuerung von Unternehmen und Unternehmensgruppen K\u00f6rperschaftsteuer, Gruppenbesteuerung, Umsatzsteuer, Umsatzsteuergruppe, Verschmelzungen, Spaltungen, Einbringungen, andere Unternehmensumstrukturierungen, Kauf und Verkauf von Unternehmen und Beteiligungen, Due Diligence, Tax Compliance [\/vc_column_text][\/vc_column][vc_column width=&#8220;1\/4&#8243; el_class=&#8220;align-center&#8220;][vc_column_text] Internationales und europ\u00e4isches Steuerrecht Doppelbesteuerungsabkommen, Anrechnung von ausl\u00e4ndischen Steuern, Betriebsst\u00e4ttenbesteuerung, internationale Umstrukturierungen, Gemeinschaftsrecht, Verrechnungspreise, internationale Rulings, Schiedsgerichtsverfahren, Steuererstattungen, umsatzsteuerliche Aspekte im Rahmen [&hellip;]\" \/>\n<meta property=\"og:url\" content=\"https:\/\/mayr-fort-frei.it\/de\/\" \/>\n<meta property=\"og:site_name\" content=\"Mayr Fort Frei - Studio Tributario Associato\" \/>\n<meta property=\"article:modified_time\" content=\"2018-08-30T09:11:50+00:00\" \/>\n<meta property=\"og:image\" content=\"https:\/\/mayr-fort-frei.it\/wp-content\/uploads\/2015\/02\/icona-1.png\" \/>\n<meta name=\"twitter:label1\" content=\"Gesch\u00e4tzte Lesezeit\" \/>\n\t<meta name=\"twitter:data1\" content=\"2 Minuten\" \/>\n<script type=\"application\/ld+json\" class=\"yoast-schema-graph\">{\"@context\":\"https:\/\/schema.org\",\"@graph\":[{\"@type\":\"WebSite\",\"@id\":\"https:\/\/mayr-fort-frei.it\/#website\",\"url\":\"https:\/\/mayr-fort-frei.it\/\",\"name\":\"Mayr Fort Frei - Studio Tributario Associato\",\"description\":\"Studio Tributario Associato, consulenza ed assistenza in materia tributaria, contrattuale e societaria.\",\"potentialAction\":[{\"@type\":\"SearchAction\",\"target\":{\"@type\":\"EntryPoint\",\"urlTemplate\":\"https:\/\/mayr-fort-frei.it\/?s={search_term_string}\"},\"query-input\":\"required name=search_term_string\"}],\"inLanguage\":\"de-DE\"},{\"@type\":\"ImageObject\",\"@id\":\"https:\/\/mayr-fort-frei.it\/de\/#primaryimage\",\"inLanguage\":\"de-DE\",\"url\":\"https:\/\/mayr-fort-frei.it\/wp-content\/uploads\/2015\/02\/icona-1.png\",\"contentUrl\":\"https:\/\/mayr-fort-frei.it\/wp-content\/uploads\/2015\/02\/icona-1.png\",\"width\":135,\"height\":92},{\"@type\":\"WebPage\",\"@id\":\"https:\/\/mayr-fort-frei.it\/de\/#webpage\",\"url\":\"https:\/\/mayr-fort-frei.it\/de\/\",\"name\":\"Homepage - Mayr Fort Frei - Studio Tributario Associato\",\"isPartOf\":{\"@id\":\"https:\/\/mayr-fort-frei.it\/#website\"},\"primaryImageOfPage\":{\"@id\":\"https:\/\/mayr-fort-frei.it\/de\/#primaryimage\"},\"datePublished\":\"2016-05-23T14:56:47+00:00\",\"dateModified\":\"2018-08-30T09:11:50+00:00\",\"breadcrumb\":{\"@id\":\"https:\/\/mayr-fort-frei.it\/de\/#breadcrumb\"},\"inLanguage\":\"de-DE\",\"potentialAction\":[{\"@type\":\"ReadAction\",\"target\":[\"https:\/\/mayr-fort-frei.it\/de\/\"]}]},{\"@type\":\"BreadcrumbList\",\"@id\":\"https:\/\/mayr-fort-frei.it\/de\/#breadcrumb\",\"itemListElement\":[{\"@type\":\"ListItem\",\"position\":1,\"name\":\"Home\",\"item\":\"https:\/\/mayr-fort-frei.it\/de\/\"},{\"@type\":\"ListItem\",\"position\":2,\"name\":\"Homepage\"}]}]}<\/script>\n<!-- \/ Yoast SEO plugin. -->","yoast_head_json":{"title":"Homepage - Mayr Fort Frei - Studio Tributario Associato","robots":{"index":"index","follow":"follow","max-snippet":"max-snippet:-1","max-image-preview":"max-image-preview:large","max-video-preview":"max-video-preview:-1"},"canonical":"https:\/\/mayr-fort-frei.it\/de\/","og_locale":"de_DE","og_type":"article","og_title":"Homepage - Mayr Fort Frei - Studio Tributario Associato","og_description":"[vc_row el_class=&#8220;align-center, introsite&#8220;][vc_column width=&#8220;1\/4&#8243; el_class=&#8220;align-center&#8220;][vc_column_text] Besteuerung von Unternehmen und Unternehmensgruppen K\u00f6rperschaftsteuer, Gruppenbesteuerung, Umsatzsteuer, Umsatzsteuergruppe, Verschmelzungen, Spaltungen, Einbringungen, andere Unternehmensumstrukturierungen, Kauf und Verkauf von Unternehmen und Beteiligungen, Due Diligence, Tax Compliance [\/vc_column_text][\/vc_column][vc_column width=&#8220;1\/4&#8243; el_class=&#8220;align-center&#8220;][vc_column_text] Internationales und europ\u00e4isches Steuerrecht Doppelbesteuerungsabkommen, Anrechnung von ausl\u00e4ndischen Steuern, Betriebsst\u00e4ttenbesteuerung, internationale Umstrukturierungen, Gemeinschaftsrecht, Verrechnungspreise, internationale Rulings, Schiedsgerichtsverfahren, Steuererstattungen, umsatzsteuerliche Aspekte im Rahmen [&hellip;]","og_url":"https:\/\/mayr-fort-frei.it\/de\/","og_site_name":"Mayr Fort Frei - Studio Tributario Associato","article_modified_time":"2018-08-30T09:11:50+00:00","og_image":[{"url":"https:\/\/mayr-fort-frei.it\/wp-content\/uploads\/2015\/02\/icona-1.png"}],"twitter_misc":{"Gesch\u00e4tzte Lesezeit":"2 Minuten"},"schema":{"@context":"https:\/\/schema.org","@graph":[{"@type":"WebSite","@id":"https:\/\/mayr-fort-frei.it\/#website","url":"https:\/\/mayr-fort-frei.it\/","name":"Mayr Fort Frei - Studio Tributario Associato","description":"Studio Tributario Associato, consulenza ed assistenza in materia tributaria, contrattuale e societaria.","potentialAction":[{"@type":"SearchAction","target":{"@type":"EntryPoint","urlTemplate":"https:\/\/mayr-fort-frei.it\/?s={search_term_string}"},"query-input":"required name=search_term_string"}],"inLanguage":"de-DE"},{"@type":"ImageObject","@id":"https:\/\/mayr-fort-frei.it\/de\/#primaryimage","inLanguage":"de-DE","url":"https:\/\/mayr-fort-frei.it\/wp-content\/uploads\/2015\/02\/icona-1.png","contentUrl":"https:\/\/mayr-fort-frei.it\/wp-content\/uploads\/2015\/02\/icona-1.png","width":135,"height":92},{"@type":"WebPage","@id":"https:\/\/mayr-fort-frei.it\/de\/#webpage","url":"https:\/\/mayr-fort-frei.it\/de\/","name":"Homepage - Mayr Fort Frei - Studio Tributario Associato","isPartOf":{"@id":"https:\/\/mayr-fort-frei.it\/#website"},"primaryImageOfPage":{"@id":"https:\/\/mayr-fort-frei.it\/de\/#primaryimage"},"datePublished":"2016-05-23T14:56:47+00:00","dateModified":"2018-08-30T09:11:50+00:00","breadcrumb":{"@id":"https:\/\/mayr-fort-frei.it\/de\/#breadcrumb"},"inLanguage":"de-DE","potentialAction":[{"@type":"ReadAction","target":["https:\/\/mayr-fort-frei.it\/de\/"]}]},{"@type":"BreadcrumbList","@id":"https:\/\/mayr-fort-frei.it\/de\/#breadcrumb","itemListElement":[{"@type":"ListItem","position":1,"name":"Home","item":"https:\/\/mayr-fort-frei.it\/de\/"},{"@type":"ListItem","position":2,"name":"Homepage"}]}]}},"_links":{"self":[{"href":"https:\/\/mayr-fort-frei.it\/de\/wp-json\/wp\/v2\/pages\/5174"}],"collection":[{"href":"https:\/\/mayr-fort-frei.it\/de\/wp-json\/wp\/v2\/pages"}],"about":[{"href":"https:\/\/mayr-fort-frei.it\/de\/wp-json\/wp\/v2\/types\/page"}],"author":[{"embeddable":true,"href":"https:\/\/mayr-fort-frei.it\/de\/wp-json\/wp\/v2\/users\/1"}],"replies":[{"embeddable":true,"href":"https:\/\/mayr-fort-frei.it\/de\/wp-json\/wp\/v2\/comments?post=5174"}],"version-history":[{"count":28,"href":"https:\/\/mayr-fort-frei.it\/de\/wp-json\/wp\/v2\/pages\/5174\/revisions"}],"predecessor-version":[{"id":5755,"href":"https:\/\/mayr-fort-frei.it\/de\/wp-json\/wp\/v2\/pages\/5174\/revisions\/5755"}],"wp:attachment":[{"href":"https:\/\/mayr-fort-frei.it\/de\/wp-json\/wp\/v2\/media?parent=5174"}],"curies":[{"name":"wp","href":"https:\/\/api.w.org\/{rel}","templated":true}]}}