{"id":5099,"date":"2016-05-18T14:34:30","date_gmt":"2016-05-18T13:34:30","guid":{"rendered":"http:\/\/mayr-fort-frei.it\/en\/?page_id=5099"},"modified":"2018-08-30T10:08:39","modified_gmt":"2018-08-30T09:08:39","slug":"homepage","status":"publish","type":"page","link":"https:\/\/mayr-fort-frei.it\/en\/","title":{"rendered":"Homepage"},"content":{"rendered":"<p>[vc_row el_class=&#8221;align-center, introsite&#8221;][vc_column width=&#8221;1\/4&#8243; el_class=&#8221;align-center&#8221;][vc_column_text]<img loading=\"lazy\" class=\"wp-image-4787 size-full aligncenter\" src=\"https:\/\/mayr-fort-frei.it\/wp-content\/uploads\/2015\/02\/icona-1.png\" alt=\"\" width=\"135\" height=\"92\" \/><\/p>\n<h2 style=\"text-align: center;\">Company and group taxation<\/h2>\n<p style=\"text-align: center;\">Business income, group taxation, VAT, Group VAT, mergers, demergers, contributions in kind, corporate restructurings, acquisitions, due diligence, tax compliance<\/p>\n<p>[\/vc_column_text][\/vc_column][vc_column width=&#8221;1\/4&#8243; el_class=&#8221;align-center&#8221;][vc_column_text]<img loading=\"lazy\" class=\"wp-image-4788 size-full aligncenter\" src=\"https:\/\/mayr-fort-frei.it\/wp-content\/uploads\/2015\/02\/icona-21.png\" alt=\"\" width=\"135\" height=\"92\" \/><\/p>\n<h2 style=\"text-align: center;\">International and European taxation<\/h2>\n<p style=\"text-align: center;\">Agreements against double taxation, permanent establishment, international extraordinary operations, European law, transfer pricing, international ruling, arbitration proceedings, VAT in international transactions<\/p>\n<p>[\/vc_column_text][\/vc_column][vc_column width=&#8221;1\/4&#8243; el_class=&#8221;align-center&#8221;][vc_column_text]<img loading=\"lazy\" class=\"wp-image-4786 size-full aligncenter\" src=\"https:\/\/mayr-fort-frei.it\/wp-content\/uploads\/2015\/02\/icona-31.png\" alt=\"\" width=\"135\" height=\"92\" \/><\/p>\n<h2 style=\"text-align: center;\">Taxation of individuals<\/h2>\n<p style=\"text-align: center;\">Transfer of residence, net worths and their generational transfers, financial income, expatriates, foreign income, foreign tax credit, disclosure of foreign assets, tax compliance<\/p>\n<p>[\/vc_column_text][\/vc_column][vc_column width=&#8221;1\/4&#8243; el_class=&#8221;align-center&#8221;][vc_column_text]<a href=\"https:\/\/mayr-fort-frei.it\/en\/practices\/\"><img loading=\"lazy\" class=\"aligncenter wp-image-4791 size-full\" src=\"https:\/\/mayr-fort-frei.it\/wp-content\/uploads\/2015\/02\/icona-4.png\" alt=\"icona-4\" width=\"135\" height=\"92\" \/><\/a><\/p>\n<h2 style=\"text-align: center;\">Pre-litigation and tax litigation<\/h2>\n<p style=\"text-align: center;\">Tax audit, tax questionnaires, invitations to pre-litigation meetings, tax assessments, tax settlement procedures, appeals, court settlements, tax rulings<\/p>\n<p>[\/vc_column_text][\/vc_column][\/vc_row][vc_row][vc_column el_class=&#8221;align-center&#8221; css=&#8221;.vc_custom_1425903263890{margin-top: 50px !important;}&#8221;][vc_btn title=&#8221;Read more&#8221; style=&#8221;outline&#8221; color=&#8221;blue&#8221; align=&#8221;center&#8221; link=&#8221;url:%2Fen%2Fpractices%2F||&#8221;][\/vc_column][\/vc_row][vc_row][vc_column width=&#8221;2\/3&#8243;][vc_tta_tabs active_section=&#8221;1&#8243; title=&#8221;The Firm&#8221;][vc_tta_section title=&#8221;Profile&#8221; tab_id=&#8221;1464188914467-17ad4bab-072b&#8221;][vc_column_text]<\/p>\n<p class=\"p1\"><span class=\"s1\">The Firm Mayr Fort Frei was founded in 2003 by Siegfried Mayr, Giovanni Fort and Robert Frei and is the continuation, as a professional partnership, of the tax law practice of Siegfried Mayr, commenced in 1982 with main focus on fiscal relations between Italy and Germany. Giovanni Fort and Robert Frei had been working with Siegfried Mayr since 1996 and 1995 respectively.<span class=\"Apple-converted-space\">\u00a0<\/span><\/span><\/p>\n<p><a href=\"https:\/\/mayr-fort-frei.it\/en\/profile\/\">Read more<\/a>[\/vc_column_text][\/vc_tta_section][\/vc_tta_tabs][\/vc_column][vc_column width=&#8221;1\/3&#8243;][vc_raw_html]JTNDaWZyYW1lJTIwc3JjJTNEJTIyaHR0cHMlM0ElMkYlMkZ3d3cuZ29vZ2xlLmNvbSUyRm1hcHMlMkZlbWJlZCUzRnBiJTNEJTIxMW0xOCUyMTFtMTIlMjExbTMlMjExZDI3OTcuOTA0MzQ3MzY0MjI0JTIxMmQ5LjE3ODY1MDcxNjEzNzE5NyUyMTNkNDUuNDcxNzMwNzQwOTYxJTIxMm0zJTIxMWYwJTIxMmYwJTIxM2YwJTIxM20yJTIxMWkxMDI0JTIxMmk3NjglMjE0ZjEzLjElMjEzbTMlMjExbTIlMjExczB4NDc4NmMxNGMyM2IzNjMyOSUyNTNBMHg0ODI4YjU4NTViNDg0MzgzJTIxMnNQaWF6emElMkJDYXN0ZWxsbyUyNTJDJTJCMjYlMjUyQyUyQjIwMTIxJTJCTWlsYW5vJTJCTUklMjE1ZTAlMjEzbTIlMjExc2l0JTIxMnNpdCUyMTR2MTUzNTYxOTk0Mzc1NSUyMiUyMHdpZHRoJTNEJTIyMzUwJTIyJTIwaGVpZ2h0JTNEJTIyMzUwJTIyJTIwZnJhbWVib3JkZXIlM0QlMjIwJTIyJTIwc3R5bGUlM0QlMjJib3JkZXIlM0EwJTIyJTIwYWxsb3dmdWxsc2NyZWVuJTNFJTNDJTJGaWZyYW1lJTNF[\/vc_raw_html][vc_column_text]<a href=\"https:\/\/www.google.it\/maps\/dir\/\/Piazza+Castello,+26,+20121+Milano\/@45.47162,9.1785413,17z\/data=!4m16!1m7!3m6!1s0x4786c14c23b36329:0x4828b5855b484383!2sPiazza+Castello,+26,+20121+Milano!3b1!8m2!3d45.47162!4d9.18073!4m7!1m0!1m5!1m1!1s0x4786c14c23b36329:0x4828b5855b484383!2m2!1d9.18073!2d45.47162\" target=\"_blank\" rel=\"noopener\">Route planner<\/a>[\/vc_column_text][\/vc_column][\/vc_row][vc_row css=&#8221;.vc_custom_1423491043314{margin-top: 40px !important;} &#8220;][vc_column width=&#8221;1\/1 &#8220;]<div class=\"recent_posts_list-2 \"><div class=\"grid\"><div class=\"col-1-1\"><div class=\"col\"><h3>Publications<\/h3><\/div><\/div><div class=\"col-1-3\"><div class=\"col\"><div class=\"rpl_post\"><div class=\"post_header clearfix\"><div class=\"post_meta_left_date_wrapper\"><div class=\"post_meta_left_date\"><div class=\"date_box\">5<\/div><\/div><\/div><h2 class=\"post_title\"><a href=\"https:\/\/mayr-fort-frei.it\/en\/blog-en\/rimborso-del-prestito-figurativo-generato-da-una-ripresa-per-transfer-pricing\/\">Rimborso del prestito figurativo generato da una ripresa per transfer pricing<\/a><\/h2><div class=\"post_meta\"><span class=\"post_meta_item post_meta_date\">September 5, 2022<\/span><span class=\"post_meta_item post_meta_comment_number\">Nessun commento<\/span><\/div><\/div><div class=\"post_content\"><p>I \u201cSECONDARY ADJUSTMENT\u201d AI FINI DEL TRANSFER PRICING: ALCUNE CONSIDERAZIONI DOPO LA RISPOSTA N. 233\/2022 DELL\u2019AGENZIA DELLE ENTRATE Bollettino Tributario n. 13\/2022, pagg. 941-948 In una recente risposta ad interpello l\u2019Agenzia delle entrate ha affrontato &hellip;<\/p><p class=\"read_more_link_wrapper\"><a href=\"https:\/\/mayr-fort-frei.it\/en\/blog-en\/rimborso-del-prestito-figurativo-generato-da-una-ripresa-per-transfer-pricing\/\" class=\"read_more_link\">Read More<\/a><\/p><\/div><\/div><\/div><\/div><div class=\"col-1-3\"><div class=\"col\"><div class=\"rpl_post\"><div class=\"post_header clearfix\"><div class=\"post_meta_left_date_wrapper\"><div class=\"post_meta_left_date\"><div class=\"date_box\">22<\/div><\/div><\/div><h2 class=\"post_title\"><a href=\"https:\/\/mayr-fort-frei.it\/en\/blog-en\/italien-anpassung-der-neuen-betriebsstatten-definition-an-beps\/\">Italien: Anpassung der neuen Betriebsst\u00e4tten - Definition an BEPS<\/a><\/h2><div class=\"post_meta\"><span class=\"post_meta_item post_meta_date\">June 22, 2021<\/span><span class=\"post_meta_item post_meta_comment_number\">Nessun commento<\/span><\/div><\/div><div class=\"post_content\"><p>\"ISTR, Nr. 17\/2020\", Seiten 653 \u2013 657 Die Suche nach \u201eversteckten\u201c Betriebst\u00e4tten in Italien (von ausl\u00e4ndischen Unternehmen) steht bei Betriebspr\u00fcfungen stets auf dem Programm. Vor allem nach dem ber\u00fchmten Philip Morris-Urteil von 2002. Inzwischen hat &hellip;<\/p><p class=\"read_more_link_wrapper\"><a href=\"https:\/\/mayr-fort-frei.it\/en\/blog-en\/italien-anpassung-der-neuen-betriebsstatten-definition-an-beps\/\" class=\"read_more_link\">Read More<\/a><\/p><\/div><\/div><\/div><\/div><div class=\"col-1-3\"><div class=\"col\"><div class=\"rpl_post\"><div class=\"post_header clearfix\"><div class=\"post_meta_left_date_wrapper\"><div class=\"post_meta_left_date\"><div class=\"date_box\">18<\/div><\/div><\/div><h2 class=\"post_title\"><a href=\"https:\/\/mayr-fort-frei.it\/en\/blog-en\/steuerbegunstigungen-bei-wohnsitzwechsel-nach-italien\/\">STEUERBEG\u00dcNSTIGUNGEN BEI WOHNSITZWECHSEL NACH ITALIEN<\/a><\/h2><div class=\"post_meta\"><span class=\"post_meta_item post_meta_date\">May 18, 2021<\/span><span class=\"post_meta_item post_meta_comment_number\">Nessun commento<\/span><\/div><\/div><div class=\"post_content\"><p>Die Verlegung des steuerlichen Wohnsitzes nach Italien ist f\u00fcr nat\u00fcrliche Personen sehr attraktiv. Beg\u00fcnstigungen f\u00fcr Rentner in Italien bei Wohnsitzwechsel nach Italien Rentner, die den steuerlichen Wohnsitz nach Italien verlegen, k\u00f6nnen die ausl\u00e4ndischen Eink\u00fcnfte mit &hellip;<\/p><p class=\"read_more_link_wrapper\"><a href=\"https:\/\/mayr-fort-frei.it\/en\/blog-en\/steuerbegunstigungen-bei-wohnsitzwechsel-nach-italien\/\" class=\"read_more_link\">Read More<\/a><\/p><\/div><\/div><\/div><\/div><\/div><\/div>[\/vc_column][\/vc_row]<\/p>\n","protected":false},"excerpt":{"rendered":"<p>[vc_row el_class=&#8221;align-center, introsite&#8221;][vc_column width=&#8221;1\/4&#8243; el_class=&#8221;align-center&#8221;][vc_column_text] Company and group taxation Business income, group taxation, VAT, Group VAT, mergers, demergers, contributions in kind, corporate restructurings, acquisitions, due diligence, tax compliance [\/vc_column_text][\/vc_column][vc_column width=&#8221;1\/4&#8243; el_class=&#8221;align-center&#8221;][vc_column_text] International and European taxation Agreements against double taxation, permanent establishment, international extraordinary operations, European law, transfer pricing, international ruling, arbitration proceedings, VAT in international [&hellip;]<\/p>\n","protected":false},"author":1,"featured_media":0,"parent":0,"menu_order":8,"comment_status":"open","ping_status":"open","template":"","meta":[],"yoast_head":"<!-- This site is optimized with the Yoast SEO plugin v17.9 - https:\/\/yoast.com\/wordpress\/plugins\/seo\/ -->\n<title>Homepage - Mayr Fort Frei - Studio Tributario Associato<\/title>\n<meta name=\"robots\" content=\"index, follow, max-snippet:-1, max-image-preview:large, max-video-preview:-1\" \/>\n<link rel=\"canonical\" href=\"https:\/\/mayr-fort-frei.it\/en\/\" \/>\n<meta property=\"og:locale\" content=\"en_US\" \/>\n<meta property=\"og:type\" content=\"article\" \/>\n<meta property=\"og:title\" content=\"Homepage - Mayr Fort Frei - Studio Tributario Associato\" \/>\n<meta property=\"og:description\" content=\"[vc_row el_class=&#8221;align-center, introsite&#8221;][vc_column width=&#8221;1\/4&#8243; el_class=&#8221;align-center&#8221;][vc_column_text] Company and group taxation Business income, group taxation, VAT, Group VAT, mergers, demergers, contributions in kind, corporate restructurings, acquisitions, due diligence, tax compliance [\/vc_column_text][\/vc_column][vc_column width=&#8221;1\/4&#8243; el_class=&#8221;align-center&#8221;][vc_column_text] International and European taxation Agreements against double taxation, permanent establishment, international extraordinary operations, European law, transfer pricing, international ruling, arbitration proceedings, VAT in international [&hellip;]\" \/>\n<meta property=\"og:url\" content=\"https:\/\/mayr-fort-frei.it\/en\/\" \/>\n<meta property=\"og:site_name\" content=\"Mayr Fort Frei - Studio Tributario Associato\" \/>\n<meta property=\"article:modified_time\" content=\"2018-08-30T09:08:39+00:00\" \/>\n<meta property=\"og:image\" content=\"https:\/\/mayr-fort-frei.it\/wp-content\/uploads\/2015\/02\/icona-1.png\" \/>\n<meta name=\"twitter:label1\" content=\"Est. reading time\" \/>\n\t<meta name=\"twitter:data1\" content=\"2 minutes\" \/>\n<script type=\"application\/ld+json\" class=\"yoast-schema-graph\">{\"@context\":\"https:\/\/schema.org\",\"@graph\":[{\"@type\":\"WebSite\",\"@id\":\"https:\/\/mayr-fort-frei.it\/#website\",\"url\":\"https:\/\/mayr-fort-frei.it\/\",\"name\":\"Mayr Fort Frei - Studio Tributario Associato\",\"description\":\"Studio Tributario Associato, consulenza ed assistenza in materia tributaria, contrattuale e societaria.\",\"potentialAction\":[{\"@type\":\"SearchAction\",\"target\":{\"@type\":\"EntryPoint\",\"urlTemplate\":\"https:\/\/mayr-fort-frei.it\/?s={search_term_string}\"},\"query-input\":\"required name=search_term_string\"}],\"inLanguage\":\"en-US\"},{\"@type\":\"ImageObject\",\"@id\":\"https:\/\/mayr-fort-frei.it\/en\/#primaryimage\",\"inLanguage\":\"en-US\",\"url\":\"https:\/\/mayr-fort-frei.it\/wp-content\/uploads\/2015\/02\/icona-1.png\",\"contentUrl\":\"https:\/\/mayr-fort-frei.it\/wp-content\/uploads\/2015\/02\/icona-1.png\",\"width\":135,\"height\":92},{\"@type\":\"WebPage\",\"@id\":\"https:\/\/mayr-fort-frei.it\/en\/#webpage\",\"url\":\"https:\/\/mayr-fort-frei.it\/en\/\",\"name\":\"Homepage - Mayr Fort Frei - Studio Tributario Associato\",\"isPartOf\":{\"@id\":\"https:\/\/mayr-fort-frei.it\/#website\"},\"primaryImageOfPage\":{\"@id\":\"https:\/\/mayr-fort-frei.it\/en\/#primaryimage\"},\"datePublished\":\"2016-05-18T13:34:30+00:00\",\"dateModified\":\"2018-08-30T09:08:39+00:00\",\"breadcrumb\":{\"@id\":\"https:\/\/mayr-fort-frei.it\/en\/#breadcrumb\"},\"inLanguage\":\"en-US\",\"potentialAction\":[{\"@type\":\"ReadAction\",\"target\":[\"https:\/\/mayr-fort-frei.it\/en\/\"]}]},{\"@type\":\"BreadcrumbList\",\"@id\":\"https:\/\/mayr-fort-frei.it\/en\/#breadcrumb\",\"itemListElement\":[{\"@type\":\"ListItem\",\"position\":1,\"name\":\"Home\",\"item\":\"https:\/\/mayr-fort-frei.it\/en\/\"},{\"@type\":\"ListItem\",\"position\":2,\"name\":\"Homepage\"}]}]}<\/script>\n<!-- \/ Yoast SEO plugin. -->","yoast_head_json":{"title":"Homepage - Mayr Fort Frei - Studio Tributario Associato","robots":{"index":"index","follow":"follow","max-snippet":"max-snippet:-1","max-image-preview":"max-image-preview:large","max-video-preview":"max-video-preview:-1"},"canonical":"https:\/\/mayr-fort-frei.it\/en\/","og_locale":"en_US","og_type":"article","og_title":"Homepage - Mayr Fort Frei - Studio Tributario Associato","og_description":"[vc_row el_class=&#8221;align-center, introsite&#8221;][vc_column width=&#8221;1\/4&#8243; el_class=&#8221;align-center&#8221;][vc_column_text] Company and group taxation Business income, group taxation, VAT, Group VAT, mergers, demergers, contributions in kind, corporate restructurings, acquisitions, due diligence, tax compliance [\/vc_column_text][\/vc_column][vc_column width=&#8221;1\/4&#8243; el_class=&#8221;align-center&#8221;][vc_column_text] International and European taxation Agreements against double taxation, permanent establishment, international extraordinary operations, European law, transfer pricing, international ruling, arbitration proceedings, VAT in international [&hellip;]","og_url":"https:\/\/mayr-fort-frei.it\/en\/","og_site_name":"Mayr Fort Frei - Studio Tributario Associato","article_modified_time":"2018-08-30T09:08:39+00:00","og_image":[{"url":"https:\/\/mayr-fort-frei.it\/wp-content\/uploads\/2015\/02\/icona-1.png"}],"twitter_misc":{"Est. reading time":"2 minutes"},"schema":{"@context":"https:\/\/schema.org","@graph":[{"@type":"WebSite","@id":"https:\/\/mayr-fort-frei.it\/#website","url":"https:\/\/mayr-fort-frei.it\/","name":"Mayr Fort Frei - Studio Tributario Associato","description":"Studio Tributario Associato, consulenza ed assistenza in materia tributaria, contrattuale e societaria.","potentialAction":[{"@type":"SearchAction","target":{"@type":"EntryPoint","urlTemplate":"https:\/\/mayr-fort-frei.it\/?s={search_term_string}"},"query-input":"required name=search_term_string"}],"inLanguage":"en-US"},{"@type":"ImageObject","@id":"https:\/\/mayr-fort-frei.it\/en\/#primaryimage","inLanguage":"en-US","url":"https:\/\/mayr-fort-frei.it\/wp-content\/uploads\/2015\/02\/icona-1.png","contentUrl":"https:\/\/mayr-fort-frei.it\/wp-content\/uploads\/2015\/02\/icona-1.png","width":135,"height":92},{"@type":"WebPage","@id":"https:\/\/mayr-fort-frei.it\/en\/#webpage","url":"https:\/\/mayr-fort-frei.it\/en\/","name":"Homepage - Mayr Fort Frei - Studio Tributario Associato","isPartOf":{"@id":"https:\/\/mayr-fort-frei.it\/#website"},"primaryImageOfPage":{"@id":"https:\/\/mayr-fort-frei.it\/en\/#primaryimage"},"datePublished":"2016-05-18T13:34:30+00:00","dateModified":"2018-08-30T09:08:39+00:00","breadcrumb":{"@id":"https:\/\/mayr-fort-frei.it\/en\/#breadcrumb"},"inLanguage":"en-US","potentialAction":[{"@type":"ReadAction","target":["https:\/\/mayr-fort-frei.it\/en\/"]}]},{"@type":"BreadcrumbList","@id":"https:\/\/mayr-fort-frei.it\/en\/#breadcrumb","itemListElement":[{"@type":"ListItem","position":1,"name":"Home","item":"https:\/\/mayr-fort-frei.it\/en\/"},{"@type":"ListItem","position":2,"name":"Homepage"}]}]}},"_links":{"self":[{"href":"https:\/\/mayr-fort-frei.it\/en\/wp-json\/wp\/v2\/pages\/5099"}],"collection":[{"href":"https:\/\/mayr-fort-frei.it\/en\/wp-json\/wp\/v2\/pages"}],"about":[{"href":"https:\/\/mayr-fort-frei.it\/en\/wp-json\/wp\/v2\/types\/page"}],"author":[{"embeddable":true,"href":"https:\/\/mayr-fort-frei.it\/en\/wp-json\/wp\/v2\/users\/1"}],"replies":[{"embeddable":true,"href":"https:\/\/mayr-fort-frei.it\/en\/wp-json\/wp\/v2\/comments?post=5099"}],"version-history":[{"count":52,"href":"https:\/\/mayr-fort-frei.it\/en\/wp-json\/wp\/v2\/pages\/5099\/revisions"}],"predecessor-version":[{"id":5753,"href":"https:\/\/mayr-fort-frei.it\/en\/wp-json\/wp\/v2\/pages\/5099\/revisions\/5753"}],"wp:attachment":[{"href":"https:\/\/mayr-fort-frei.it\/en\/wp-json\/wp\/v2\/media?parent=5099"}],"curies":[{"name":"wp","href":"https:\/\/api.w.org\/{rel}","templated":true}]}}